{"id":28,"date":"2020-05-12T19:53:30","date_gmt":"2020-05-12T19:53:30","guid":{"rendered":"https:\/\/balcanto.ch\/DeinChor\/?page_id=28"},"modified":"2021-08-29T17:14:50","modified_gmt":"2021-08-29T16:14:50","slug":"juli-2017","status":"publish","type":"page","link":"https:\/\/balcanto.ch\/DeinChor\/juli-2017\/","title":{"rendered":"Juli 2017"},"content":{"rendered":"<table bgcolor=\"lightblue\">\n<tbody>\n<tr>\n<td>\n<h2 class=\"title\">\u201eSuomi 1917-2017\u201c<\/h2>\n<p><img loading=\"lazy\" decoding=\"async\" class=\"wp-image-2403 alignnone\" src=\"https:\/\/balcanto.ch\/DeinChor\/wp-content\/uploads\/2021\/08\/Suomi-703x1024.jpg\" alt=\"\" width=\"433\" height=\"631\" srcset=\"https:\/\/balcanto.ch\/DeinChor\/wp-content\/uploads\/2021\/08\/Suomi-703x1024.jpg 703w, https:\/\/balcanto.ch\/DeinChor\/wp-content\/uploads\/2021\/08\/Suomi-206x300.jpg 206w, https:\/\/balcanto.ch\/DeinChor\/wp-content\/uploads\/2021\/08\/Suomi-768x1119.jpg 768w, https:\/\/balcanto.ch\/DeinChor\/wp-content\/uploads\/2021\/08\/Suomi-1054x1536.jpg 1054w, https:\/\/balcanto.ch\/DeinChor\/wp-content\/uploads\/2021\/08\/Suomi-1405x2048.jpg 1405w, https:\/\/balcanto.ch\/DeinChor\/wp-content\/uploads\/2021\/08\/Suomi-scaled.jpg 1756w\" sizes=\"auto, (max-width: 433px) 100vw, 433px\" \/><\/p>\n<p>Finnland hatte lange keine eigene Geschichte. Zuerst unter den Schweden (1154-1809), die ihre eigenen Sitten, ihre Religion und ihre Sprache aufgezwungen hatten, dann unter den Russen (1809-1917), war es den Finnen nicht m\u00f6glich, Ihre eigene Identit\u00e4t auszubilden. Im 19. Jahrhundert begannen die ersten Bewegungen, die die Finnische Kultur und Sprache wieder zum Leben brachten. Nach der Unabh\u00e4ngigkeit von Russland (1917), und speziell nach dem 2. Weltkrieg hat Finnland einen gro\u00dfen Sprung nach vorne gemacht und viele Beitr\u00e4ge in der Kulturwelt und der Musik beigetragen, die einen sehr wichtigen Platz im Leben der Finnen einnehmen. In der Orchesterleitung hat sich inzwischen eine fundierte Tradition etabliert. Zahlreiche zeitgen\u00f6ssische Komponisten sind weltweit ber\u00fchmt und gewinnen mit ihren Werken immer mehr Anerkennung. In diesem Kontext, der die Identit\u00e4tsbildung Finnlands durch hundert Jahre Musik zeigt, hatten wir zwei Konzerte mit Finnischer Chormusik in Basel und M\u00f6hlin.<\/p>\n<p><strong>Konzertprogramm<\/strong><\/p>\n<p>Das Programm beinhaltete klassische St\u00fccke von Sibelius bis hin zu zeitgen\u00f6ssischen Komponisten wie Einojuhani Rautavaara (1928-2016), Jaakko Mantyj\u00e4rvi (*1963) und die Generation der 70er Jahren, die eine wichtige internationale Rolle in der Musik des 20. und 21. Jahrhundert spielen. Unser Ziel war es, diese weniger bekannte aber sehr wertvolle und eindrucksvolle Finnische Musik dem Schweizer Publikum darzubieten und dabei eine Arbeit mit Chor und Instrumentalisten auf hohem Niveau zu leisten. Die zwei St\u00fccke von Luigi Dallapiccola \u00fcber Verse vom Kalevala, die Finnische Sage, wurden damit zum ersten Mal nach der Urauff\u00fchrung im Jahre 1931 dargeboten.<\/p>\n<p><strong>Alexandra Nigito<\/strong> Leitung<br \/>\n<strong>Rapa\u00ebl Bortolotti<\/strong> Tenor<br \/>\n<strong>Breno Quinder\u00e9<\/strong> Bariton<br \/>\n<strong>Stefanie Mirwald<\/strong> Akkordeon<br \/>\n<strong>Claudiu Danciu<\/strong> Klarinette<br \/>\n<strong>Christian Rombach, Dino Georgeton<\/strong> Perkussionen<\/p>\n<p>16. Juni 2017\u00a0 \/ 19.30 Uhr \/ <a href=\"https:\/\/goo.gl\/maps\/YoeuBseibq62\"><span style=\"text-decoration: underline;\"><span style=\"color: #339966;\">Christkatholische Kirche, M\u00f6hlin<\/span><\/span><\/a><\/p>\n<p>17. Juni 2017 \/ 20 Uhr \/ <a href=\"https:\/\/goo.gl\/maps\/H4thK93ZGHy\"><span style=\"text-decoration: underline;\"><span style=\"color: #339966;\">Predigerkirche, Basel<\/span><\/span><\/a><\/td>\n<\/tr>\n<\/tbody>\n<\/table>\n","protected":false},"excerpt":{"rendered":"<p>\u201eSuomi 1917-2017\u201c Finnland hatte lange keine eigene Geschichte. Zuerst unter den Schweden (1154-1809), die ihre eigenen Sitten, ihre Religion und [&hellip;]<\/p>\n","protected":false},"author":1,"featured_media":2403,"parent":0,"menu_order":0,"comment_status":"closed","ping_status":"closed","template":"","meta":{"footnotes":""},"class_list":["post-28","page","type-page","status-publish","has-post-thumbnail","hentry"],"_links":{"self":[{"href":"https:\/\/balcanto.ch\/DeinChor\/wp-json\/wp\/v2\/pages\/28","targetHints":{"allow":["GET"]}}],"collection":[{"href":"https:\/\/balcanto.ch\/DeinChor\/wp-json\/wp\/v2\/pages"}],"about":[{"href":"https:\/\/balcanto.ch\/DeinChor\/wp-json\/wp\/v2\/types\/page"}],"author":[{"embeddable":true,"href":"https:\/\/balcanto.ch\/DeinChor\/wp-json\/wp\/v2\/users\/1"}],"replies":[{"embeddable":true,"href":"https:\/\/balcanto.ch\/DeinChor\/wp-json\/wp\/v2\/comments?post=28"}],"version-history":[{"count":9,"href":"https:\/\/balcanto.ch\/DeinChor\/wp-json\/wp\/v2\/pages\/28\/revisions"}],"predecessor-version":[{"id":2405,"href":"https:\/\/balcanto.ch\/DeinChor\/wp-json\/wp\/v2\/pages\/28\/revisions\/2405"}],"wp:featuredmedia":[{"embeddable":true,"href":"https:\/\/balcanto.ch\/DeinChor\/wp-json\/wp\/v2\/media\/2403"}],"wp:attachment":[{"href":"https:\/\/balcanto.ch\/DeinChor\/wp-json\/wp\/v2\/media?parent=28"}],"curies":[{"name":"wp","href":"https:\/\/api.w.org\/{rel}","templated":true}]}}